{"id":30841,"date":"2021-07-08T11:52:43","date_gmt":"2021-07-08T09:52:43","guid":{"rendered":"http:\/\/usrogr.fr\/site\/?page_id=30841"},"modified":"2021-07-08T11:52:43","modified_gmt":"2021-07-08T09:52:43","slug":"resultats-2012-2013","status":"publish","type":"page","link":"https:\/\/usrogr.fr\/site\/resultats-2012-2013\/","title":{"rendered":"R\u00e9sultats 2012-2013"},"content":{"rendered":"\n<p class=\"has-large-font-size\">Ensembles et duos<\/p>\n\n\n\n<p>DC1 :<\/p>\n\n\n\n<figure class=\"wp-block-table is-style-stripes\"><table><tbody><tr><td><strong>Minimes<\/strong><\/td><td>D\u00e9partement <a href=\"http:\/\/usrogr.fr\/DL\/palmares_dep_dc_dir_13.pdf\" target=\"_blank\" rel=\"noreferrer noopener\">(r\u00e9sultats)<\/a><\/td><td>R\u00e9gion <a href=\"http:\/\/usrogr.fr\/DL\/res_reg_dc_issy_13.pdf\" target=\"_blank\" rel=\"noreferrer noopener\">(r\u00e9sultats)<\/a><\/td><td>Zone <a href=\"http:\/\/usrogr.fr\/DL\/res_zone_dc_elancourt_13.pdf\" target=\"_blank\" rel=\"noreferrer noopener\">(r\u00e9sultats)<\/a><\/td><td>France<\/td><\/tr><tr><td>Julia BOUDRANE, Clara CHADAL, Olivia COIMBRA et Vincianne REINHARD<\/td><td>4\u00e8<\/td><td>4\u00e8<\/td><td>8\u00e8<\/td><td>~<\/td><\/tr><tr><td><strong>Cadettes<\/strong><\/td><td>D\u00e9partement <a href=\"http:\/\/usrogr.fr\/DL\/palmares_dep_dc_dir_13.pdf\" target=\"_blank\" rel=\"noreferrer noopener\">(r\u00e9sultats)<\/a><\/td><td>R\u00e9gion <a href=\"http:\/\/usrogr.fr\/DL\/res_reg_dc_issy_13.pdf\" target=\"_blank\" rel=\"noreferrer noopener\">(r\u00e9sultats)<\/a><\/td><td>Zone <a href=\"http:\/\/usrogr.fr\/DL\/res_zone_dc_elancourt_13.pdf\" target=\"_blank\" rel=\"noreferrer noopener\">(r\u00e9sultats)<\/a><\/td><td>France <a href=\"http:\/\/usrogr.fr\/DL\/GR_DIVISION_CRITERIUM_1_CADETTE.PDF\" target=\"_blank\" rel=\"noreferrer noopener\">(r\u00e9sultats)<\/a><\/td><\/tr><tr><td>Orlane ARDON, Quynh-Anh DANG, Naomie GAUGIRARD et Ma\u00efssane SADKI<\/td><td><img decoding=\"async\" src=\"http:\/\/usrogr.fr\/img\/1.gif\" alt=\"1\u00e8\"><\/td><td><img decoding=\"async\" src=\"http:\/\/usrogr.fr\/img\/1.gif\" alt=\"1\u00e8\"><\/td><td><img decoding=\"async\" src=\"http:\/\/usrogr.fr\/img\/3.gif\" alt=\"3\u00e8\"><\/td><td>23\u00e8<\/td><\/tr><tr><td><strong>Juniores<\/strong><\/td><td>D\u00e9partement <a href=\"http:\/\/usrogr.fr\/DL\/palmares_dep_dc_dir_13.pdf\" target=\"_blank\" rel=\"noreferrer noopener\">(r\u00e9sultats)<\/a><\/td><td>R\u00e9gion <a href=\"http:\/\/usrogr.fr\/DL\/res_reg_dc_issy_13.pdf\" target=\"_blank\" rel=\"noreferrer noopener\">(r\u00e9sultats)<\/a><\/td><td>Zone <a href=\"http:\/\/usrogr.fr\/DL\/res_zone_dc_elancourt_13.pdf\" target=\"_blank\" rel=\"noreferrer noopener\">(r\u00e9sultats)<\/a><\/td><td>France<\/td><\/tr><tr><td>Alejandra et Jennifer BALTAR, Julie BONHOMME, Coralie COURTOIS et Chlo\u00e9 LEMAIRE<\/td><td><img decoding=\"async\" src=\"http:\/\/usrogr.fr\/img\/3.gif\" alt=\"3\u00e8\"><\/td><td><img decoding=\"async\" src=\"http:\/\/usrogr.fr\/img\/2.gif\" alt=\"2\u00e8\"><\/td><td>5\u00e8<\/td><td>~<\/td><\/tr><\/tbody><\/table><\/figure>\n\n\n\n<p>DC2 :<\/p>\n\n\n\n<figure class=\"wp-block-table is-style-stripes\"><table><tbody><tr><td><strong>Cadettes<\/strong><\/td><td>D\u00e9partement <a href=\"http:\/\/usrogr.fr\/DL\/palmares_dep_dc_dir_13.pdf\" target=\"_blank\" rel=\"noreferrer noopener\">(r\u00e9sultats)<\/a><\/td><td>R\u00e9gion <a href=\"http:\/\/usrogr.fr\/DL\/res_reg_dc_issy_13.pdf\" target=\"_blank\" rel=\"noreferrer noopener\">(r\u00e9sultats)<\/a><\/td><td>Zone <a href=\"http:\/\/usrogr.fr\/DL\/res_zone_dc_elancourt_13.pdf\" target=\"_blank\" rel=\"noreferrer noopener\">(r\u00e9sultats)<\/a><\/td><td>France <a href=\"http:\/\/usrogr.fr\/DL\/GR_DIVISION_CRITERIUM_2_CADETTE.PDF\" target=\"_blank\" rel=\"noreferrer noopener\">(r\u00e9sultats)<\/a><\/td><\/tr><tr><td>Jahna ARTAXE, Lena GASPAR, In\u00e8s RABETAFIKA, Amandine RAOULT et Christelle RESTOUX<\/td><td><img decoding=\"async\" src=\"http:\/\/usrogr.fr\/img\/3.gif\" alt=\"3\u00e8\"><\/td><td>12\u00e8<\/td><td><img decoding=\"async\" src=\"http:\/\/usrogr.fr\/img\/3.gif\" alt=\"3\u00e8\"><\/td><td>20\u00e8<\/td><\/tr><\/tbody><\/table><\/figure>\n\n\n\n<p>DC4 :<\/p>\n\n\n\n<figure class=\"wp-block-table is-style-stripes\"><table><tbody><tr><td><strong>Benjamines<\/strong><\/td><td>D\u00e9partement <a href=\"http:\/\/usrogr.fr\/DL\/palmares_dep_dc_dir_13.pdf\" target=\"_blank\" rel=\"noreferrer noopener\">(r\u00e9sultats)<\/a><\/td><td>R\u00e9gion <a href=\"http:\/\/usrogr.fr\/DL\/res_reg_dc_issy_13.pdf\" target=\"_blank\" rel=\"noreferrer noopener\">(r\u00e9sultats)<\/a><\/td><td>Zone <a href=\"http:\/\/usrogr.fr\/DL\/res_zone_dc_elancourt_13.pdf\" target=\"_blank\" rel=\"noreferrer noopener\">(r\u00e9sultats)<\/a><\/td><td>France<\/td><\/tr><tr><td>Maria CISSE, Hanna GENNC, In\u00e8s IBROHIM, Maelys LEMAY et Alicia TSIMBA<\/td><td><img decoding=\"async\" src=\"http:\/\/usrogr.fr\/img\/1.gif\" alt=\"1\u00e8\"><\/td><td>6\u00e8<\/td><td>17\u00e8<\/td><td>~<\/td><\/tr><tr><td><strong>Minimes<\/strong><\/td><td>D\u00e9partement <a href=\"http:\/\/usrogr.fr\/DL\/palmares_dep_dc_dir_13.pdf\" target=\"_blank\" rel=\"noreferrer noopener\">(r\u00e9sultats)<\/a><\/td><td>R\u00e9gion <a href=\"http:\/\/usrogr.fr\/DL\/res_reg_dc_issy_13.pdf\" target=\"_blank\" rel=\"noreferrer noopener\">(r\u00e9sultats)<\/a><\/td><td>Zone <a href=\"http:\/\/usrogr.fr\/DL\/res_zone_dc_elancourt_13.pdf\" target=\"_blank\" rel=\"noreferrer noopener\">(r\u00e9sultats)<\/a><\/td><td>France<\/td><\/tr><tr><td>Elodie BOULOU, Elea CHEVALIER, Anissa EL AFIA, Louise HEYE, Christelle ONESTAS et Ta\u00efna VENTRIN<\/td><td><img decoding=\"async\" src=\"http:\/\/usrogr.fr\/img\/3.gif\" alt=\"3\u00e8\"><\/td><td>9\u00e8<\/td><td>6\u00e8<\/td><td>~<\/td><\/tr><\/tbody><\/table><\/figure>\n\n\n\n<p>DIR2 :<\/p>\n\n\n\n<figure class=\"wp-block-table is-style-stripes\"><table><tbody><tr><td><strong>Benjamines\/Minimes<\/strong><\/td><td>D\u00e9partement <a href=\"http:\/\/usrogr.fr\/DL\/palmares_dep_dc_dir_13.pdf\" target=\"_blank\" rel=\"noreferrer noopener\">(r\u00e9sultats)<\/a><\/td><td>R\u00e9gion <a href=\"http:\/\/usrogr.fr\/DL\/res_reg_dc_issy_13.pdf\" target=\"_blank\" rel=\"noreferrer noopener\">(r\u00e9sultats)<\/a><\/td><td>Zone <a href=\"http:\/\/usrogr.fr\/DL\/res_zone_dc_elancourt_13.pdf\" target=\"_blank\" rel=\"noreferrer noopener\">(r\u00e9sultats)<\/a><\/td><\/tr><tr><td>Camille ARAUJO et M\u00e9lisandre HADZIC<\/td><td><img decoding=\"async\" src=\"http:\/\/usrogr.fr\/img\/1.gif\" alt=\"1\u00e8\"><\/td><td><img decoding=\"async\" src=\"http:\/\/usrogr.fr\/img\/1.gif\" alt=\"1\u00e8\"><\/td><td><img decoding=\"async\" src=\"http:\/\/usrogr.fr\/img\/3.gif\" alt=\"3\u00e8\"><\/td><\/tr><\/tbody><\/table><\/figure>\n\n\n\n<p>DIR3 :<\/p>\n\n\n\n<figure class=\"wp-block-table is-style-stripes\"><table><tbody><tr><td><strong>Poussines<\/strong><\/td><td>D\u00e9partement <a href=\"http:\/\/usrogr.fr\/DL\/palmares_morsang_13.pdf\" target=\"_blank\" rel=\"noreferrer noopener\">(r\u00e9sultats)<\/a><\/td><td>R\u00e9gion <a href=\"http:\/\/usrogr.fr\/DL\/res_reg_dc_issy_13.pdf\" target=\"_blank\" rel=\"noreferrer noopener\">(r\u00e9sultats)<\/a><\/td><td>Zone <a href=\"http:\/\/usrogr.fr\/DL\/res_zone_dc_elancourt_13.pdf\" target=\"_blank\" rel=\"noreferrer noopener\">(r\u00e9sultats)<\/a><\/td><\/tr><tr><td>Camille DIELNA, Mathilde FILON, Morgane GUILJEAN et Oc\u00e9ane SERTIER<\/td><td>5\u00e8<\/td><td>10\u00e8<\/td><td>Forfait<\/td><\/tr><tr><td><strong>Benjamines<\/strong><\/td><td>D\u00e9partement <a href=\"http:\/\/usrogr.fr\/DL\/palmares_dep_dc_dir_13.pdf\" target=\"_blank\" rel=\"noreferrer noopener\">(r\u00e9sultats)<\/a><\/td><td>R\u00e9gion <a href=\"http:\/\/usrogr.fr\/DL\/res_reg_dc_issy_13.pdf\" target=\"_blank\" rel=\"noreferrer noopener\">(r\u00e9sultats)<\/a><\/td><td>Zone <a href=\"http:\/\/usrogr.fr\/DL\/res_zone_dc_elancourt_13.pdf\" target=\"_blank\" rel=\"noreferrer noopener\">(r\u00e9sultats)<\/a><\/td><\/tr><tr><td>Manon ARAUJO, Kessy ARTAXE, Oc\u00e9ane HOTCA et Ludine POULHAZAN<\/td><td><img decoding=\"async\" src=\"http:\/\/usrogr.fr\/img\/2.gif\" alt=\"2\u00e8\"><\/td><td>10\u00e8<\/td><td>Forfait<\/td><\/tr><\/tbody><\/table><\/figure>\n\n\n\n<p><\/p>\n\n\n\n<p class=\"has-large-font-size\">Coupe Formation 3<\/p>\n\n\n\n<p>F\u00e9licitations \u00e0 Margot BANSARD, Sarah BELKAID, Elodie BOULOU, El\u00e9a et Mae CHEVALIER, Ma\u00e9va CLAVEAU, Carla DEBOUCHE, Dolores DECORDIER, Assia DJELLALI, Shania LOUISA et Gwennaelle TRUONG qui ont valid\u00e9 leur coupe formation 3 dimanche 2 juin \u00e0 Rueil Malmaison.<\/p>\n\n\n\n<p><\/p>\n\n\n\n<p class=\"has-large-font-size\">Individuelles Pr\u00e9-Crit\u00e9rium<\/p>\n\n\n\n<figure class=\"wp-block-table is-style-stripes\"><table><tbody><tr><td><strong>Benjamines<\/strong><\/td><td>D\u00e9partement <a href=\"http:\/\/usrogr.fr\/DL\/palmares_morsang_13.pdf\" target=\"_blank\" rel=\"noreferrer noopener\">(r\u00e9sultats)<\/a><\/td><td>R\u00e9gion <a href=\"http:\/\/usrogr.fr\/DL\/res_reg_precrit_13_corbeil.pdf\" target=\"_blank\" rel=\"noreferrer noopener\">(r\u00e9sultats)<\/a><\/td><\/tr><tr><td>Manon ARAUJO<\/td><td>17\u00e8<\/td><td>17\u00e8<\/td><\/tr><tr><td>Kessy ARTAXE<\/td><td>16\u00e8<\/td><td>7\u00e8<\/td><\/tr><tr><td>Oc\u00e9ane HOTCA<\/td><td>23\u00e8<\/td><td>~<\/td><\/tr><tr><td>Ludine POULHAZAN<\/td><td>9\u00e8<\/td><td>8\u00e8<\/td><\/tr><tr><td>Jeanne SALA<\/td><td>22\u00e8<\/td><td>~<\/td><\/tr><tr><td><strong>Minimes<\/strong><\/td><td>D\u00e9partement <a href=\"http:\/\/usrogr.fr\/DL\/palmares_morsang_13.pdf\" target=\"_blank\" rel=\"noreferrer noopener\">(r\u00e9sultats)<\/a><\/td><td>R\u00e9gion <a href=\"http:\/\/usrogr.fr\/DL\/res_reg_precrit_13_corbeil.pdf\" target=\"_blank\" rel=\"noreferrer noopener\">(r\u00e9sultats)<\/a><\/td><\/tr><tr><td>Camille ARAUJO<\/td><td>7\u00e8<\/td><td>7\u00e8<\/td><\/tr><tr><td>Victoria BOUZEMAN<\/td><td>34\u00e8<\/td><td>~<\/td><\/tr><tr><td>Lena GASPAR<\/td><td>10\u00e8<\/td><td>13\u00e8<\/td><\/tr><tr><td>M\u00e9lisandre HADZIC<\/td><td>24\u00e8<\/td><td>13\u00e8<\/td><\/tr><tr><td><strong>Cadettes<\/strong><\/td><td>D\u00e9partement <a href=\"http:\/\/usrogr.fr\/DL\/palmares_morsang_13.pdf\" target=\"_blank\" rel=\"noreferrer noopener\">(r\u00e9sultats)<\/a><\/td><td>R\u00e9gion <a href=\"http:\/\/usrogr.fr\/DL\/res_reg_precrit_13_corbeil.pdf\" target=\"_blank\" rel=\"noreferrer noopener\">(r\u00e9sultats)<\/a><\/td><\/tr><tr><td>Shirley OTHILY<\/td><td>28\u00e8<\/td><td>~<\/td><\/tr><tr><td>Christelle RESTOUX<\/td><td>9\u00e8<\/td><td>15\u00e8<\/td><\/tr><\/tbody><\/table><\/figure>\n\n\n\n<p><\/p>\n\n\n\n<p class=\"has-large-font-size\">Individuelles Crit\u00e9rium \/ Pr\u00e9-f\u00e9d\u00e9rales \/ F\u00e9d\u00e9rales :<\/p>\n\n\n\n<p>Crit\u00e9rium :<\/p>\n\n\n\n<figure class=\"wp-block-table is-style-stripes\"><table><tbody><tr><td><strong>Minimes<\/strong><\/td><td>D\u00e9partement <a href=\"http:\/\/usrogr.fr\/DL\/palmares_wissous_21_10_12.pdf\" target=\"_blank\" rel=\"noreferrer noopener\">(r\u00e9sultats)<\/a><\/td><td>R\u00e9gion <a href=\"http:\/\/usrogr.fr\/DL\/res_reg_gouss_12_1.pdf\" target=\"_blank\" rel=\"noreferrer noopener\">(r\u00e9sultats)<\/a><\/td><td>Zone <a href=\"http:\/\/usrogr.fr\/DL\/palmares_zone_ris_12.pdf\" target=\"_blank\" rel=\"noreferrer noopener\">(r\u00e9sultats)<\/a><\/td><td>France<\/td><\/tr><tr><td>Julia BOUDRANE<\/td><td><img loading=\"lazy\" decoding=\"async\" src=\"http:\/\/usrogr.fr\/img\/1.gif\" alt=\"1\u00e8\" width=\"36\" height=\"27\"><\/td><td>6\u00e8<\/td><td>22\u00e8<\/td><td>~<\/td><\/tr><tr><td>Clara CHADAL<\/td><td>27\u00e8<\/td><td>14\u00e8<\/td><td>~<\/td><td>~<\/td><\/tr><tr><td>Olivia COIMBRA<\/td><td>7\u00e8<\/td><td>18\u00e8<\/td><td>~<\/td><td>~<\/td><\/tr><tr><td>Vinciane REINHARD<\/td><td>15\u00e8<\/td><td>11\u00e8<\/td><td>~<\/td><td>~<\/td><\/tr><tr><td><strong>Cadettes<\/strong><\/td><td>D\u00e9partement <a href=\"http:\/\/usrogr.fr\/DL\/palmares_wissous_21_10_12.pdf\" target=\"_blank\" rel=\"noreferrer noopener\">(r\u00e9sultats)<\/a><\/td><td>R\u00e9gion <a href=\"http:\/\/usrogr.fr\/DL\/res_reg_gouss_12_2.pdf\" target=\"_blank\" rel=\"noreferrer noopener\">(r\u00e9sultats)<\/a><\/td><td>Zone <a href=\"http:\/\/usrogr.fr\/DL\/palmares_zone_ris_12.pdf\" target=\"_blank\" rel=\"noreferrer noopener\">(r\u00e9sultats)<\/a><\/td><td>France <a href=\"http:\/\/usrogr.fr\/DL\/GR_CRITERIUM CADETTE GR_PALMARES GENERAL INDIVIDUELFRANCE.pdf\" target=\"_blank\" rel=\"noreferrer noopener\">(r\u00e9sultats)<\/a><\/td><\/tr><tr><td>Orlane ARDON<\/td><td>6\u00e8<\/td><td>4\u00e8<\/td><td>11\u00e8<\/td><td>~<\/td><\/tr><tr><td>Quynh-Anh DANG<\/td><td>6\u00e8<\/td><td>6\u00e8<\/td><td>15\u00e8<\/td><td>~<\/td><\/tr><tr><td>Naomie GAUGIRARD<\/td><td>28\u00e8<\/td><td>12\u00e8<\/td><td>~<\/td><td>~<\/td><\/tr><tr><td>Ma\u00efssane SADKI<\/td><td>21\u00e8<\/td><td><img decoding=\"async\" src=\"http:\/\/usrogr.fr\/img\/2.gif\" alt=\"2\u00e8\"><\/td><td><img decoding=\"async\" src=\"http:\/\/usrogr.fr\/img\/3.gif\" alt=\"3\u00e8\"><\/td><td>38\u00e8<\/td><\/tr><tr><td><strong>Juniors<\/strong><\/td><td>D\u00e9partement <a href=\"http:\/\/usrogr.fr\/DL\/palmares_wissous_21_10_12.pdf\" target=\"_blank\" rel=\"noreferrer noopener\">(r\u00e9sultats)<\/a><\/td><td>R\u00e9gion <a href=\"http:\/\/usrogr.fr\/DL\/res_reg_gouss_12_1.pdf\" target=\"_blank\" rel=\"noreferrer noopener\">(r\u00e9sultats)<\/a><\/td><td>Zone <a href=\"http:\/\/usrogr.fr\/DL\/palmares_zone_ris_12.pdf\" target=\"_blank\" rel=\"noreferrer noopener\">(r\u00e9sultats)<\/a><\/td><td>France<\/td><\/tr><tr><td>Alejandra BALTAR<\/td><td><img loading=\"lazy\" decoding=\"async\" src=\"http:\/\/usrogr.fr\/img\/2.gif\" alt=\"2\u00e8\" width=\"36\" height=\"27\"><\/td><td>15\u00e8<\/td><td>30\u00e8<\/td><td>~<\/td><\/tr><tr><td>Jennifer BALTAR<\/td><td>7\u00e8<\/td><td><img decoding=\"async\" src=\"http:\/\/usrogr.fr\/img\/2.gif\" alt=\"2\u00e8\"><\/td><td>12\u00e8<\/td><td>~<\/td><\/tr><tr><td>Julie BONHOMME<\/td><td><img loading=\"lazy\" decoding=\"async\" src=\"http:\/\/usrogr.fr\/img\/1.gif\" alt=\"1\u00e8\" width=\"36\" height=\"27\"><\/td><td>5\u00e8<\/td><td>17\u00e8<\/td><td>~<\/td><\/tr><tr><td>Coralie COURTOIS<\/td><td>11\u00e8<\/td><td>13\u00e8<\/td><td>Forfait<\/td><td>~<\/td><\/tr><tr><td>Chlo\u00e9 LEMAIRE<\/td><td>5\u00e8<\/td><td>24\u00e8<\/td><td>~<\/td><td>~<\/td><\/tr><tr><td><strong>S\u00e9nior<\/strong><\/td><td>D\u00e9partement <a href=\"http:\/\/usrogr.fr\/DL\/palmares_wissous_21_10_12.pdf\" target=\"_blank\" rel=\"noreferrer noopener\">(r\u00e9sultats)<\/a><\/td><td>R\u00e9gion <a href=\"http:\/\/usrogr.fr\/DL\/res_reg_gouss_12_1.pdf\" target=\"_blank\" rel=\"noreferrer noopener\">(r\u00e9sultats)<\/a><\/td><td>Zone <a href=\"http:\/\/usrogr.fr\/DL\/palmares_zone_ris_12.pdf\" target=\"_blank\" rel=\"noreferrer noopener\">(r\u00e9sultats)<\/a><\/td><td>France<\/td><\/tr><tr><td>Eva CHEMOUL<\/td><td>11\u00e8<\/td><td>17\u00e8<\/td><td>16\u00e8<\/td><td>~<\/td><\/tr><\/tbody><\/table><\/figure>\n\n\n\n<p>F\u00e9d\u00e9rale :<br><\/p>\n\n\n\n<figure class=\"wp-block-table is-style-stripes\"><table><tbody><tr><td><strong>S\u00e9nior<\/strong><\/td><td>D\u00e9partement <a href=\"http:\/\/usrogr.fr\/DL\/palmares_wissous_21_10_12.pdf\" target=\"_blank\" rel=\"noreferrer noopener\">(r\u00e9sultats)<\/a><\/td><td>R\u00e9gion <a href=\"http:\/\/usrogr.fr\/DL\/res_reg_gouss_12_2.pdf\" target=\"_blank\" rel=\"noreferrer noopener\">(r\u00e9sultats)<\/a><\/td><td>Zone <a href=\"http:\/\/usrogr.fr\/DL\/palmares_zone_evry_12.pdf\" target=\"_blank\" rel=\"noreferrer noopener\">(r\u00e9sultats)<\/a><\/td><td>France <a href=\"http:\/\/usrogr.fr\/DL\/GR_FEDERALE SENIOR GR_PALMARES GENERAL INDIVIDUELFRANCE.pdf\" target=\"_blank\" rel=\"noreferrer noopener\">(r\u00e9sultats)<\/a><\/td><\/tr><tr><td>Vanessa BAJART<\/td><td>5\u00e8<\/td><td><img decoding=\"async\" src=\"http:\/\/usrogr.fr\/img\/3.gif\" alt=\"3\u00e8\"><\/td><td>4\u00e8<\/td><td>7\u00e8<\/td><\/tr><\/tbody><\/table><\/figure>\n","protected":false},"excerpt":{"rendered":"<p>Ensembles et duos DC1 : Minimes D\u00e9partement (r\u00e9sultats) R\u00e9gion (r\u00e9sultats) Zone (r\u00e9sultats) France Julia BOUDRANE, Clara CHADAL, Olivia COIMBRA et Vincianne REINHARD 4\u00e8 4\u00e8 8\u00e8 ~ Cadettes D\u00e9partement (r\u00e9sultats) R\u00e9gion (r\u00e9sultats) Zone (r\u00e9sultats) France (r\u00e9sultats) Orlane ARDON, Quynh-Anh DANG, Naomie GAUGIRARD et Ma\u00efssane SADKI 23\u00e8 Juniores D\u00e9partement (r\u00e9sultats) R\u00e9gion (r\u00e9sultats) Zone (r\u00e9sultats) France Alejandra et [&hellip;]<\/p>\n","protected":false},"author":1,"featured_media":0,"parent":0,"menu_order":0,"comment_status":"closed","ping_status":"closed","template":"","meta":{"footnotes":""},"class_list":["post-30841","page","type-page","status-publish","hentry"],"_links":{"self":[{"href":"https:\/\/usrogr.fr\/site\/wp-json\/wp\/v2\/pages\/30841","targetHints":{"allow":["GET"]}}],"collection":[{"href":"https:\/\/usrogr.fr\/site\/wp-json\/wp\/v2\/pages"}],"about":[{"href":"https:\/\/usrogr.fr\/site\/wp-json\/wp\/v2\/types\/page"}],"author":[{"embeddable":true,"href":"https:\/\/usrogr.fr\/site\/wp-json\/wp\/v2\/users\/1"}],"replies":[{"embeddable":true,"href":"https:\/\/usrogr.fr\/site\/wp-json\/wp\/v2\/comments?post=30841"}],"version-history":[{"count":1,"href":"https:\/\/usrogr.fr\/site\/wp-json\/wp\/v2\/pages\/30841\/revisions"}],"predecessor-version":[{"id":30842,"href":"https:\/\/usrogr.fr\/site\/wp-json\/wp\/v2\/pages\/30841\/revisions\/30842"}],"wp:attachment":[{"href":"https:\/\/usrogr.fr\/site\/wp-json\/wp\/v2\/media?parent=30841"}],"curies":[{"name":"wp","href":"https:\/\/api.w.org\/{rel}","templated":true}]}}