{"id":30835,"date":"2021-07-08T11:39:10","date_gmt":"2021-07-08T09:39:10","guid":{"rendered":"http:\/\/usrogr.fr\/site\/?page_id=30835"},"modified":"2021-07-08T11:39:10","modified_gmt":"2021-07-08T09:39:10","slug":"resultats-2015-2016","status":"publish","type":"page","link":"https:\/\/usrogr.fr\/site\/resultats-2015-2016\/","title":{"rendered":"R\u00e9sultats 2015-2016"},"content":{"rendered":"\n<p class=\"has-large-font-size\">Ensembles cat\u00e9gorie Interr\u00e9gionale :<\/p>\n\n\n\n<p>Duo interr\u00e9gional C (ex DIR2) :<br><\/p>\n\n\n\n<figure class=\"wp-block-table is-style-stripes\"><table><tbody><tr><td><strong>10-13 ans<\/strong><\/td><td>D\u00e9partement <a href=\"http:\/\/usrogr.fr\/DL\/res_dep_duo_IRC_morsang_2016.pdf\" target=\"_blank\" rel=\"noreferrer noopener\">(r\u00e9sultats)<\/a><\/td><td>R\u00e9gion <a href=\"http:\/\/usrogr.fr\/DL\/palmares_chpt_regional_ifo___troph___inter_cde___evry___ris_o___2016.pdf\" target=\"_blank\" rel=\"noreferrer noopener\">(r\u00e9sultats)<\/a><\/td><td>Zone <a href=\"http:\/\/usrogr.fr\/DL\/res_zone_bussy_2016.pdf\" target=\"_blank\" rel=\"noreferrer noopener\">(r\u00e9sultats)<\/a><\/td><\/tr><tr><td>Oc\u00e9ane HOTCA et Rebecca PETITEAU<\/td><td><img decoding=\"async\" src=\"http:\/\/usrogr.fr\/img\/1.gif\" alt=\"1\u00e8\"><\/td><td><img decoding=\"async\" src=\"http:\/\/usrogr.fr\/img\/1.gif\" alt=\"1\u00e8\"><\/td><td><img decoding=\"async\" src=\"http:\/\/usrogr.fr\/img\/1.gif\" alt=\"1\u00e8\"><\/td><\/tr><\/tbody><\/table><\/figure>\n\n\n\n<p>Ensemble interr\u00e9gional D (ex DIR3) :<br><\/p>\n\n\n\n<figure class=\"wp-block-table is-style-stripes\"><table><tbody><tr><td><strong>12-13 ans<\/strong><\/td><td>D\u00e9partement <a href=\"http:\/\/usrogr.fr\/DL\/res_dep_ens_trop_IR_2016.pdf\" target=\"_blank\" rel=\"noreferrer noopener\">(r\u00e9sultats)<\/a><\/td><td>R\u00e9gion <a href=\"http:\/\/usrogr.fr\/DL\/palmares_chpt_regional_ifo___troph___inter_cde___evry___ris_o___2016.pdf\" target=\"_blank\" rel=\"noreferrer noopener\">(r\u00e9sultats)<\/a><\/td><td>Zone <a href=\"http:\/\/usrogr.fr\/DL\/res_zone_bussy_2016.pdf\" target=\"_blank\" rel=\"noreferrer noopener\">(r\u00e9sultats)<\/a><\/td><\/tr><tr><td>Margot BANSARD, Ma\u00e9 CHEVALIER, Oc\u00e9ane SERTIER et Gwennaelle TRUONG<\/td><td><img decoding=\"async\" src=\"http:\/\/usrogr.fr\/img\/1.gif\" alt=\"1\u00e8\"><\/td><td>5\u00e8<\/td><td><img decoding=\"async\" src=\"http:\/\/usrogr.fr\/img\/1.gif\" alt=\"1\u00e8\"><\/td><\/tr><\/tbody><\/table><\/figure>\n\n\n\n<p>Ensemble interr\u00e9gional E (ex DC4) :<br><\/p>\n\n\n\n<figure class=\"wp-block-table is-style-stripes\"><table><tbody><tr><td><strong>10-11 ans<\/strong><\/td><td>D\u00e9partement <a href=\"http:\/\/usrogr.fr\/DL\/res_dep_ens_trop_IR_2016.pdf\" target=\"_blank\" rel=\"noreferrer noopener\">(r\u00e9sultats)<\/a><\/td><td>R\u00e9gion <a href=\"http:\/\/usrogr.fr\/DL\/palmares_chpt_regional_ifo___troph___inter_cde___evry___ris_o___2016.pdf\" target=\"_blank\" rel=\"noreferrer noopener\">(r\u00e9sultats)<\/a><\/td><td>Zone <a href=\"http:\/\/usrogr.fr\/DL\/res_zone_bussy_2016.pdf\" target=\"_blank\" rel=\"noreferrer noopener\">(r\u00e9sultats)<\/a><\/td><\/tr><tr><td>Laur\u00e8ne BARRAJA, Maryl\u00e8ne BOUANGA, Luna DI NATALE, Clara NDIAYE, Clara OUARET et Asya YERAL<\/td><td><img decoding=\"async\" src=\"http:\/\/usrogr.fr\/img\/3.gif\" alt=\"3\u00e8\"><\/td><td>10\u00e8<\/td><td>11\u00e8<\/td><\/tr><tr><td><strong>12-13 ans<\/strong><\/td><td>D\u00e9partement <a href=\"http:\/\/usrogr.fr\/DL\/res_dep_ens_trop_IR_2016.pdf\" target=\"_blank\" rel=\"noreferrer noopener\">(r\u00e9sultats)<\/a><\/td><td>R\u00e9gion <a href=\"http:\/\/usrogr.fr\/DL\/palmares_chpt_regional_ifo___troph___inter_cde___evry___ris_o___2016.pdf\" target=\"_blank\" rel=\"noreferrer noopener\">(r\u00e9sultats)<\/a><\/td><td>Zone <a href=\"http:\/\/usrogr.fr\/DL\/res_zone_bussy_2016.pdf\" target=\"_blank\" rel=\"noreferrer noopener\">(r\u00e9sultats)<\/a><\/td><\/tr><tr><td>Shania LOUISA, Sophia MAOUCHE, Fatou SOW et Alicia TSIMBA<\/td><td><img decoding=\"async\" src=\"http:\/\/usrogr.fr\/img\/2.gif\" alt=\"2\u00e8\"><\/td><td>4\u00e8<\/td><td>forfait<\/td><\/tr><tr><td><strong>14 ans et +<\/strong><\/td><td>D\u00e9partement <a href=\"http:\/\/usrogr.fr\/DL\/res_dep_ens_trop_IR_2016.pdf\" target=\"_blank\" rel=\"noreferrer noopener\">(r\u00e9sultats)<\/a><\/td><td>R\u00e9gion <a href=\"http:\/\/usrogr.fr\/DL\/palmares_chpt_regional_ifo___troph___inter_cde___evry___ris_o___2016.pdf\" target=\"_blank\" rel=\"noreferrer noopener\">(r\u00e9sultats)<\/a><\/td><td>Zone <a href=\"http:\/\/usrogr.fr\/DL\/res_zone_bussy_2016.pdf\" target=\"_blank\" rel=\"noreferrer noopener\">(r\u00e9sultats)<\/a><\/td><\/tr><tr><td>El\u00e9a CHEVALIER, Dolor\u00e8s DECORDIER, Assia DJELLALI et Malicia VENCATASAMY<\/td><td><img decoding=\"async\" src=\"http:\/\/usrogr.fr\/img\/3.gif\" alt=\"3\u00e8\"><\/td><td><img decoding=\"async\" src=\"http:\/\/usrogr.fr\/img\/3.gif\" alt=\"3\u00e8\"><\/td><td>4\u00e8<\/td><\/tr><\/tbody><\/table><\/figure>\n\n\n\n<p><\/p>\n\n\n\n<p class=\"has-large-font-size\">Ensembles cat\u00e9gorie Nationale :<\/p>\n\n\n\n<p>Nationale Ensemble (ex DF1) :<br><\/p>\n\n\n\n<figure class=\"wp-block-table is-style-stripes\"><table><tbody><tr><td><strong>14-15 ans<\/strong><\/td><td>D\u00e9partement <a href=\"http:\/\/usrogr.fr\/DL\/res_dep_ens_nat2016.pdf\" target=\"_blank\" rel=\"noreferrer noopener\">(r\u00e9sultats)<\/a><\/td><td>R\u00e9gion <a href=\"http:\/\/usrogr.fr\/DL\/res_reg_nat_ind_reg_corbeil_2016.pdf\" target=\"_blank\" rel=\"noreferrer noopener\">(r\u00e9sultats)<\/a><\/td><td>Zone<\/td><td>France<\/td><\/tr><tr><td>Julia BOUDRANE, Olivia COIMBRA, Lena GASPAR, Le Anh H\u00f4, Laura LE HECHO et Amandine RAOULT<\/td><td><img decoding=\"async\" src=\"http:\/\/usrogr.fr\/img\/2.gif\" alt=\"2\u00e8\"><\/td><td>4\u00e8<\/td><td>forfait<\/td><td>~<\/td><\/tr><\/tbody><\/table><\/figure>\n\n\n\n<p>Challenge national par \u00e9quipe (ex DN) :<br><\/p>\n\n\n\n<figure class=\"wp-block-table is-style-stripes\"><table><tbody><tr><td><strong>14 ans et + ans<\/strong><\/td><td>D\u00e9partement <a href=\"http:\/\/usrogr.fr\/DL\/res_dep_ens_nat2016.pdf\" target=\"_blank\" rel=\"noreferrer noopener\">(r\u00e9sultats)<\/a><\/td><td>R\u00e9gion<\/td><td>Zone<\/td><td>France <a href=\"http:\/\/usrogr.fr\/DL\/GR_Nationale Equipe 4.PDF\" target=\"_blank\" rel=\"noreferrer noopener\">(r\u00e9sultats)<\/a><\/td><\/tr><tr><td>Orlane ARDON, Vanessa BAJART, Quynh-Anh DANG, Naomie GAUGIRARD, Ma\u00efssane SADKI et Teodora ALEKSANDROVA<\/td><td><img decoding=\"async\" src=\"http:\/\/usrogr.fr\/img\/1.gif\" alt=\"1\u00e8\"><\/td><td><img decoding=\"async\" src=\"http:\/\/usrogr.fr\/img\/3.gif\" alt=\"3\u00e8\"><\/td><td>4\u00e8<\/td><td>12\u00e8<\/td><\/tr><\/tbody><\/table><\/figure>\n\n\n\n<p><\/p>\n\n\n\n<p class=\"has-large-font-size\">Individuelles R\u00e9gionales :<\/p>\n\n\n\n<p>Individuelles R\u00e9gionales (ex Pr\u00e9-Crit\u00e9rium) :<br><br><\/p>\n\n\n\n<figure class=\"wp-block-table is-style-stripes\"><table><tbody><tr><td><strong>10-11 ans<\/strong><\/td><td>D\u00e9partement <a href=\"http:\/\/usrogr.fr\/DL\/res_dep_ind_R_morsang_2016.pdf\" target=\"_blank\" rel=\"noreferrer noopener\">(r\u00e9sultats)<\/a><\/td><td>R\u00e9gion <a href=\"http:\/\/usrogr.fr\/DL\/res_reg_nat_ind_reg_corbeil_2016.pdf\" target=\"_blank\" rel=\"noreferrer noopener\">(r\u00e9sultats)<\/a><\/td><\/tr><tr><td>Manon GAVOTY<\/td><td>10\u00e8<\/td><td>21\u00e8<\/td><\/tr><tr><td>Kenza HADJALI<\/td><td>7\u00e8<\/td><td>12\u00e8<\/td><\/tr><tr><td>Lauryne LE CRESSEVEUR<\/td><td>forfait<\/td><td>forfait<\/td><\/tr><tr><td>Layana NACIRI<\/td><td>6\u00e8<\/td><td>8\u00e8<\/td><\/tr><tr><td><strong>12-13 ans<\/strong><\/td><td>D\u00e9partement <a href=\"http:\/\/usrogr.fr\/DL\/res_dep_ind_R_morsang_2016.pdf\" target=\"_blank\" rel=\"noreferrer noopener\">(r\u00e9sultats)<\/a><\/td><td>R\u00e9gion <a href=\"http:\/\/usrogr.fr\/DL\/res_reg_nat_ind_reg_corbeil_2016.pdf\" target=\"_blank\" rel=\"noreferrer noopener\">(r\u00e9sultats)<\/a><\/td><\/tr><tr><td>Margot BANSARD<\/td><td>13\u00e8<\/td><td>23\u00e8<\/td><\/tr><tr><td>Ma\u00e9 CHEVALIER<\/td><td>8\u00e8<\/td><td>21\u00e8<\/td><\/tr><tr><td>Dolor\u00e8s DECORDIER<\/td><td>22\u00e8<\/td><td>38\u00e8<\/td><\/tr><tr><td>Shania LOUISA<\/td><td>18\u00e8<\/td><td>36\u00e8<\/td><\/tr><tr><td>Sophia MAOUCHE<\/td><td>20\u00e8<\/td><td>39\u00e8<\/td><\/tr><tr><td>Oc\u00e9ane SERTIER<\/td><td>7\u00e8<\/td><td>12\u00e8<\/td><\/tr><tr><td>Fatou SOW<\/td><td>19\u00e8<\/td><td>40\u00e8<\/td><\/tr><tr><td>Gwennaelle TRUONG<\/td><td>9\u00e8<\/td><td>21\u00e8<\/td><\/tr><tr><td>Alicia TSIMBA<\/td><td>21\u00e8<\/td><td>41\u00e8<\/td><\/tr><tr><td>Malicia VENCATASAMY<\/td><td>10\u00e8<\/td><td>11\u00e8<\/td><\/tr><tr><td><strong>14-15 ans<\/strong><\/td><td>D\u00e9partement <a href=\"http:\/\/usrogr.fr\/DL\/res_dep_ind_R_morsang_2016.pdf\" target=\"_blank\" rel=\"noreferrer noopener\">(r\u00e9sultats)<\/a><\/td><td>R\u00e9gion <a href=\"http:\/\/usrogr.fr\/DL\/res_reg_nat_ind_reg_corbeil_2016.pdf\" target=\"_blank\" rel=\"noreferrer noopener\">(r\u00e9sultats)<\/a><\/td><\/tr><tr><td>El\u00e9a CHEVALIER<\/td><td>17\u00e8<\/td><td>34\u00e8<\/td><\/tr><tr><td>Assia DJELLALI<\/td><td>21\u00e8<\/td><td>46\u00e8<\/td><\/tr><\/tbody><\/table><\/figure>\n\n\n\n<p><\/p>\n\n\n\n<p class=\"has-large-font-size\">Individuelles Inter-R\u00e9gionales \/ Troph\u00e9es \/ Nationales \/ Libre Expression :<\/p>\n\n\n\n<p>Troph\u00e9e F\u00e9d\u00e9ral (ex Crit\u00e9rium) :<br><br><\/p>\n\n\n\n<figure class=\"wp-block-table is-style-stripes\"><table><tbody><tr><td><strong>12-13 ans<\/strong><\/td><td>D\u00e9partement <a href=\"http:\/\/usrogr.fr\/DL\/res_dep_ind_15-16.pdf\" target=\"_blank\" rel=\"noreferrer noopener\">(r\u00e9sultats)<\/a><\/td><td>R\u00e9gion <a href=\"http:\/\/usrogr.fr\/DL\/region_ifo_indiv_gr_nat_troph_2016.pdf\" target=\"_blank\" rel=\"noreferrer noopener\">(r\u00e9sultats)<\/a> *<\/td><td>Zone <a href=\"http:\/\/usrogr.fr\/DL\/gr_zone_idf_indiv_nat_trop_2016.pdf\" target=\"_blank\" rel=\"noreferrer noopener\">(r\u00e9sultats)<\/a><\/td><td>France<\/td><\/tr><tr><td>Oc\u00e9ane HOTCA<\/td><td><img decoding=\"async\" src=\"http:\/\/usrogr.fr\/img\/3.gif\" alt=\"3\u00e8\"><\/td><td>12\u00e8<\/td><td>25\u00e8<\/td><td>~<\/td><\/tr><\/tbody><\/table><\/figure>\n\n\n\n<p>Nationales C (ex Pr\u00e9-F\u00e9d\u00e9ral) :<br><\/p>\n\n\n\n<figure class=\"wp-block-table is-style-stripes\"><table><tbody><tr><td><strong>14-15 ans<\/strong><\/td><td>D\u00e9partement <a href=\"http:\/\/usrogr.fr\/DL\/res_dep_ind_15-16.pdf\" target=\"_blank\" rel=\"noreferrer noopener\">(r\u00e9sultats)<\/a><\/td><td>R\u00e9gion <a href=\"http:\/\/usrogr.fr\/DL\/region_ifo_indiv_gr_nat_troph_2016.pdf\" target=\"_blank\" rel=\"noreferrer noopener\">(r\u00e9sultats)<\/a> *<\/td><td>Zone <a href=\"http:\/\/usrogr.fr\/DL\/gr_zone_idf_indiv_nat_trop_2016.pdf\" target=\"_blank\" rel=\"noreferrer noopener\">(r\u00e9sultats)<\/a><\/td><td>France<\/td><\/tr><tr><td>Julia BOUDRANE<\/td><td>Forfait<\/td><td>20\u00e8<\/td><td>24\u00e8<\/td><td>~<\/td><\/tr><tr><td>Olivia COIMBRA<\/td><td><img decoding=\"async\" src=\"http:\/\/usrogr.fr\/img\/1.gif\" alt=\"1\u00e8\"><\/td><td>20\u00e8<\/td><td>24\u00e8<\/td><td>~<\/td><\/tr><tr><td>Laura LE HECHO<\/td><td>18\u00e8<\/td><td>15\u00e8<\/td><td>17\u00e8<\/td><td>~<\/td><\/tr><tr><td>Amandine RAOULT<\/td><td>12\u00e8<\/td><td>9\u00e8<\/td><td>10\u00e8<\/td><td>~<\/td><\/tr><\/tbody><\/table><\/figure>\n\n\n\n<p>Nationales B (ex F\u00e9d\u00e9ral) :<br><\/p>\n\n\n\n<figure class=\"wp-block-table is-style-stripes\"><table><tbody><tr><td><strong>10-11 ans<\/strong><\/td><td>D\u00e9partement <a href=\"http:\/\/usrogr.fr\/DL\/res_dep_ind_15-16.pdf\" target=\"_blank\" rel=\"noreferrer noopener\">(r\u00e9sultats)<\/a><\/td><td>R\u00e9gion <a href=\"http:\/\/usrogr.fr\/DL\/reg_NB10-11_2015.pdf\" target=\"_blank\" rel=\"noreferrer noopener\">(r\u00e9sultats)<\/a> *<\/td><td>Zone <a href=\"http:\/\/usrogr.fr\/DL\/zone_NB10-11_2015.pdf\" target=\"_blank\" rel=\"noreferrer noopener\">(r\u00e9sultats)<\/a><\/td><td>France<\/td><\/tr><tr><td>Le Anh HO<\/td><td>19\u00e8<\/td><td>25\u00e8<\/td><td>35\u00e8<\/td><td>~<\/td><\/tr><tr><td><strong>16-17 ans<\/strong><\/td><td>D\u00e9partement <a href=\"http:\/\/usrogr.fr\/DL\/res_dep_ind_15-16.pdf\" target=\"_blank\" rel=\"noreferrer noopener\">(r\u00e9sultats)<\/a><\/td><td>R\u00e9gion<\/td><td>Zone<\/td><td>France<\/td><\/tr><tr><td>Orlane ARDON<\/td><td>7\u00e8<\/td><td>forfait<\/td><td>~<\/td><td>~<\/td><\/tr><\/tbody><\/table><\/figure>\n\n\n\n<p>Inter-R\u00e9gional :<br><\/p>\n\n\n\n<figure class=\"wp-block-table is-style-stripes\"><table><tbody><tr><td><strong>12-13 ans<\/strong><\/td><td>D\u00e9partement <a href=\"http:\/\/usrogr.fr\/DL\/res_dep_ind_15-16.pdf\" target=\"_blank\" rel=\"noreferrer noopener\">(r\u00e9sultats)<\/a><\/td><td>R\u00e9gion <a href=\"http:\/\/usrogr.fr\/DL\/res_reg_ind_IR_LE2015.pdf\" target=\"_blank\" rel=\"noreferrer noopener\">(r\u00e9sultats)<\/a> *<\/td><td>Zone <a href=\"http:\/\/usrogr.fr\/DL\/res_zone_ind_IR_LE2015.pdf\" target=\"_blank\" rel=\"noreferrer noopener\">(r\u00e9sultats)<\/a><\/td><\/tr><tr><td>Rebecca PETITEAU<\/td><td>13\u00e8<\/td><td>19\u00e8<\/td><td>23\u00e8<\/td><\/tr><\/tbody><\/table><\/figure>\n\n\n\n<p>Libre Expression :<br><br><\/p>\n\n\n\n<figure class=\"wp-block-table is-style-stripes\"><table><tbody><tr><td><strong>16 ans et +<\/strong><\/td><td>D\u00e9partement <a href=\"http:\/\/usrogr.fr\/DL\/res_dep_ind_15-16.pdf\" target=\"_blank\" rel=\"noreferrer noopener\">(r\u00e9sultats)<\/a><\/td><td>R\u00e9gion <a href=\"http:\/\/usrogr.fr\/DL\/res_reg_ind_IR_LE2015.pdf\" target=\"_blank\" rel=\"noreferrer noopener\">(r\u00e9sultats)<\/a> *<\/td><td>Zone <a href=\"http:\/\/usrogr.fr\/DL\/res_zone_ind_IR_LE2015.pdf\" target=\"_blank\" rel=\"noreferrer noopener\">(r\u00e9sultats)<\/a><\/td><\/tr><tr><td>Vanessa BAJART<\/td><td><img decoding=\"async\" src=\"http:\/\/usrogr.fr\/img\/1.gif\" alt=\"1\u00e8\"><\/td><td>4\u00e8me<\/td><td>4\u00e8me<\/td><\/tr><\/tbody><\/table><\/figure>\n\n\n\n<p>* Classement effectu\u00e9 \u00e0 partir des r\u00e9sultats des gymnastes de notre r\u00e9gion lors de la comp\u00e9tition de zone.<\/p>\n","protected":false},"excerpt":{"rendered":"<p>Ensembles cat\u00e9gorie Interr\u00e9gionale : Duo interr\u00e9gional C (ex DIR2) : 10-13 ans D\u00e9partement (r\u00e9sultats) R\u00e9gion (r\u00e9sultats) Zone (r\u00e9sultats) Oc\u00e9ane HOTCA et Rebecca PETITEAU Ensemble interr\u00e9gional D (ex DIR3) : 12-13 ans D\u00e9partement (r\u00e9sultats) R\u00e9gion (r\u00e9sultats) Zone (r\u00e9sultats) Margot BANSARD, Ma\u00e9 CHEVALIER, Oc\u00e9ane SERTIER et Gwennaelle TRUONG 5\u00e8 Ensemble interr\u00e9gional E (ex DC4) : 10-11 ans [&hellip;]<\/p>\n","protected":false},"author":1,"featured_media":0,"parent":0,"menu_order":0,"comment_status":"closed","ping_status":"closed","template":"","meta":{"footnotes":""},"class_list":["post-30835","page","type-page","status-publish","hentry"],"_links":{"self":[{"href":"https:\/\/usrogr.fr\/site\/wp-json\/wp\/v2\/pages\/30835","targetHints":{"allow":["GET"]}}],"collection":[{"href":"https:\/\/usrogr.fr\/site\/wp-json\/wp\/v2\/pages"}],"about":[{"href":"https:\/\/usrogr.fr\/site\/wp-json\/wp\/v2\/types\/page"}],"author":[{"embeddable":true,"href":"https:\/\/usrogr.fr\/site\/wp-json\/wp\/v2\/users\/1"}],"replies":[{"embeddable":true,"href":"https:\/\/usrogr.fr\/site\/wp-json\/wp\/v2\/comments?post=30835"}],"version-history":[{"count":1,"href":"https:\/\/usrogr.fr\/site\/wp-json\/wp\/v2\/pages\/30835\/revisions"}],"predecessor-version":[{"id":30836,"href":"https:\/\/usrogr.fr\/site\/wp-json\/wp\/v2\/pages\/30835\/revisions\/30836"}],"wp:attachment":[{"href":"https:\/\/usrogr.fr\/site\/wp-json\/wp\/v2\/media?parent=30835"}],"curies":[{"name":"wp","href":"https:\/\/api.w.org\/{rel}","templated":true}]}}