{"id":30828,"date":"2021-07-08T11:30:03","date_gmt":"2021-07-08T09:30:03","guid":{"rendered":"http:\/\/usrogr.fr\/site\/?page_id=30828"},"modified":"2022-09-23T17:39:21","modified_gmt":"2022-09-23T15:39:21","slug":"resultats-2018-2019","status":"publish","type":"page","link":"https:\/\/usrogr.fr\/site\/resultats-2018-2019\/","title":{"rendered":"R\u00e9sultats 2018-2019"},"content":{"rendered":"\n<p class=\"has-large-font-size\">Coupe Formation :<\/p>\n\n\n\n<p>F\u00e9licitations \u00e0 Aliya CORDIGNANO, Camille DESCOUBES, Assiya ENAGRE, Elia KOMBRZA, Assil NOUMI, et A\u00efcha YAMINE qui ont valid\u00e9 leur Coupe Formation 2 et Lyhann AMOUGOU, Am\u00e9lie DESCOUBES, Ma\u00efwen LAUER et Maymouna SOW qui ont valid\u00e9 leur Coupe Formation 3 !<\/p>\n\n\n\n<p><\/p>\n\n\n\n<p class=\"has-large-font-size\">Ensembles niveau F\u00e9d\u00e9ral :<\/p>\n\n\n\n<p>Ensemble F\u00e9d\u00e9ral B :<br><\/p>\n\n\n\n<figure class=\"wp-block-table is-style-stripes\"><table><tbody><tr><td><strong>8-9 ans<\/strong><\/td><td>D\u00e9partement <a href=\"http:\/\/usrogr.fr\/DL\/res_dep_19_morsang.pdf\" target=\"_blank\" rel=\"noreferrer noopener\">(r\u00e9sultats)<\/a><\/td><td>Interd\u00e9partement <a href=\"http:\/\/usrogr.fr\/DL\/resultats_interdep_ens_fed_ris_2019.pdf\" target=\"_blank\" rel=\"noreferrer noopener\">(r\u00e9sultats)<\/a><\/td><td>R\u00e9gion <a href=\"http:\/\/usrogr.fr\/DL\/res_reg_ens_REG_eaubonne_2019.pdf\" target=\"_blank\" rel=\"noreferrer noopener\">(r\u00e9sultats)<\/a><\/td><\/tr><tr><td>Iulia Adriana COSTACHE, Am\u00e9lie DESCOUBES, Sophia DUMA, L\u00e9a LEBESQUE et Enolane TERRASSE<\/td><td><img decoding=\"async\" src=\"http:\/\/usrogr.fr\/img\/2.gif\" alt=\"2\u00e8\"><\/td><td><img decoding=\"async\" src=\"http:\/\/usrogr.fr\/img\/1.gif\" alt=\"1\u00e8\"><\/td><td>12\u00e8<\/td><\/tr><tr><td><strong>14-15 ans<\/strong><\/td><td>D\u00e9partement <a href=\"http:\/\/usrogr.fr\/DL\/res_maisse_19_fedB15.pdf\" target=\"_blank\" rel=\"noreferrer noopener\">(r\u00e9sultats)<\/a><\/td><td>Interd\u00e9partement <a href=\"http:\/\/usrogr.fr\/DL\/resultats_interdep_ens_fed_ris_2019.pdf\" target=\"_blank\" rel=\"noreferrer noopener\">(r\u00e9sultats)<\/a><\/td><td>R\u00e9gion <a href=\"http:\/\/usrogr.fr\/DL\/res_reg_ens_REG_eaubonne_2019.pdf\" target=\"_blank\" rel=\"noreferrer noopener\">(r\u00e9sultats)<\/a><\/td><td>France <a href=\"http:\/\/usrogr.fr\/DL\/GR_FEDERALE_B_15_ANS_ET_MOINS2019.pdf\" target=\"_blank\" rel=\"noreferrer noopener\">(r\u00e9sultats)<\/a><\/td><\/tr><tr><td>Margot BANSARD, Kenza HADJ ALI, Oc\u00e9ane SERTIER et L\u00e9ane SIMON<\/td><td><img decoding=\"async\" src=\"http:\/\/usrogr.fr\/img\/2.gif\" alt=\"2\u00e8\"><\/td><td><img decoding=\"async\" src=\"http:\/\/usrogr.fr\/img\/1.gif\" alt=\"1\u00e8\"><\/td><td>4\u00e8<\/td><td>16\u00e8<\/td><\/tr><\/tbody><\/table><\/figure>\n\n\n\n<p>F\u00e9licitation \u00e0 Margot, Kenza, Oc\u00e9ane et L\u00e9ane qui se qualifient pour les championnats de France ! Bravo \u00e9galement \u00e0 l&rsquo;entra\u00eeneur, et merci aux supporters !!<\/p>\n\n\n\n<p><\/p>\n\n\n\n<p class=\"has-large-font-size\">Ensembles niveau National :<\/p>\n\n\n\n<p>Duo National :<br><\/p>\n\n\n\n<figure class=\"wp-block-table is-style-stripes\"><table><tbody><tr><td><strong>Toutes cat\u00e9gories<\/strong><\/td><td>D\u00e9partement <a href=\"http:\/\/usrogr.fr\/DL\/res_maisse_19_Nat_duo.pdf\" target=\"_blank\" rel=\"noreferrer noopener\">(r\u00e9sultats)<\/a><\/td><td>Interd\u00e9partement <a href=\"http:\/\/usrogr.fr\/DL\/res_interdep_morsang_ens_NAT_ind_reg2_2019.pdf\" target=\"_blank\" rel=\"noreferrer noopener\">(r\u00e9sultats)<\/a><\/td><td>R\u00e9gion <a href=\"http:\/\/usrogr.fr\/DL\/res_reg_ens_NAT_2019_creteil.pdf\" target=\"_blank\" rel=\"noreferrer noopener\">(r\u00e9sultats)<\/a><\/td><td>France <a href=\"http:\/\/usrogr.fr\/DL\/res_france_nat_2019.pdf\" target=\"_blank\" rel=\"noreferrer noopener\">(r\u00e9sultats)<\/a><\/td><\/tr><tr><td>Olivia COIMBRA et Laura LE HECHO<\/td><td><img decoding=\"async\" src=\"http:\/\/usrogr.fr\/img\/2.gif\" alt=\"2\u00e8\"><\/td><td>7\u00e8<\/td><td><img decoding=\"async\" src=\"http:\/\/usrogr.fr\/img\/1.gif\" alt=\"1\u00e8\"><\/td><td>9\u00e8<\/td><\/tr><\/tbody><\/table><\/figure>\n\n\n\n<p>F\u00e9licitation \u00e0 Laura et Olivia qui se classent dans le top 10 du championnat de France ! Bravo \u00e9galement \u00e0 l&rsquo;entra\u00eeneur, \u00e0 l&rsquo;aide monitrice, et merci aux supporters !!<\/p>\n\n\n\n<p><\/p>\n\n\n\n<p class=\"has-large-font-size\">Ensembles niveau R\u00e9gional :<\/p>\n\n\n\n<p>Duo R\u00e9gional :<br><\/p>\n\n\n\n<figure class=\"wp-block-table is-style-stripes\"><table><tbody><tr><td><strong>12-13 ans<\/strong><\/td><td>D\u00e9partement <a href=\"http:\/\/usrogr.fr\/DL\/res_dep_19_morsang.pdf\" target=\"_blank\" rel=\"noreferrer noopener\">(r\u00e9sultats)<\/a><\/td><td>Interd\u00e9partement <a href=\"http:\/\/usrogr.fr\/DL\/resultats_interdep_ens_fed_ris_2019.pdf\" target=\"_blank\" rel=\"noreferrer noopener\">(r\u00e9sultats)<\/a><\/td><td>R\u00e9gion <a href=\"http:\/\/usrogr.fr\/DL\/res_ens_reg_bailly_2019.pdf\" target=\"_blank\" rel=\"noreferrer noopener\">(r\u00e9sultats)<\/a><\/td><\/tr><tr><td>Liya GUIGON et Th\u00e9a VILLATEL<\/td><td><img decoding=\"async\" src=\"http:\/\/usrogr.fr\/img\/2.gif\" alt=\"2\u00e8\"><\/td><td>4\u00e8<\/td><td><img decoding=\"async\" src=\"http:\/\/usrogr.fr\/img\/2.gif\" alt=\"2\u00e8\"><\/td><\/tr><\/tbody><\/table><\/figure>\n\n\n\n<p>Ensemble R\u00e9gional :<br><\/p>\n\n\n\n<figure class=\"wp-block-table is-style-stripes\"><table><tbody><tr><td><strong>10-11 ans<\/strong><\/td><td>D\u00e9partement <a href=\"http:\/\/usrogr.fr\/DL\/res_maisse_19_reg10.pdf\" target=\"_blank\" rel=\"noreferrer noopener\">(r\u00e9sultats)<\/a><\/td><td>Interd\u00e9partement <a href=\"http:\/\/usrogr.fr\/DL\/resultats_interdep_ens_fed_ris_2019.pdf\" target=\"_blank\" rel=\"noreferrer noopener\">(r\u00e9sultats)<\/a><\/td><td>R\u00e9gion <a href=\"http:\/\/usrogr.fr\/DL\/res_ens_reg_bailly_2019.pdf\" target=\"_blank\" rel=\"noreferrer noopener\">(r\u00e9sultats)<\/a><\/td><\/tr><tr><td>Jeanne BANSARD, Lya BLEURVACQ, Maelys GAUTHIER et Shemsy LOUKAH<\/td><td><img decoding=\"async\" src=\"http:\/\/usrogr.fr\/img\/1.gif\" alt=\"1\u00e8\"><\/td><td>7\u00e8<\/td><td><img decoding=\"async\" src=\"http:\/\/usrogr.fr\/img\/1.gif\" alt=\"1\u00e8\"><\/td><\/tr><tr><td><strong>12-13 ans<\/strong><\/td><td>D\u00e9partement <a href=\"http:\/\/usrogr.fr\/DL\/res_maisse_19_reg13.pdf\" target=\"_blank\" rel=\"noreferrer noopener\">(r\u00e9sultats)<\/a><\/td><td>Interd\u00e9partement <a href=\"http:\/\/usrogr.fr\/DL\/resultats_interdep_ens_fed_ris_2019.pdf\" target=\"_blank\" rel=\"noreferrer noopener\">(r\u00e9sultats)<\/a><\/td><td>R\u00e9gion <a href=\"http:\/\/usrogr.fr\/DL\/res_ens_reg_bailly_2019.pdf\" target=\"_blank\" rel=\"noreferrer noopener\">(r\u00e9sultats)<\/a><\/td><\/tr><tr><td>Laur\u00e8ne BARRAJA, Orlane BOCAHU, Lyna MICHEL, Candice SERTIER et Laure WILLIAM-MEDY<\/td><td><img decoding=\"async\" src=\"http:\/\/usrogr.fr\/img\/1.gif\" alt=\"1\u00e8\"><\/td><td><img decoding=\"async\" src=\"http:\/\/usrogr.fr\/img\/2.gif\" alt=\"2\u00e8\"><\/td><td><img decoding=\"async\" src=\"http:\/\/usrogr.fr\/img\/2.gif\" alt=\"2\u00e8\"><\/td><\/tr><\/tbody><\/table><\/figure>\n\n\n\n<p><\/p>\n\n\n\n<p class=\"has-large-font-size\">Individuelles R\u00e9gionales 2 :<\/p>\n\n\n\n<figure class=\"wp-block-table is-style-stripes\"><table><tbody><tr><td><strong>10-11 ans<\/strong><\/td><td>D\u00e9partement <a href=\"http:\/\/usrogr.fr\/DL\/res_dep_19_morsang.pdf\" target=\"_blank\" rel=\"noreferrer noopener\">(r\u00e9sultats)<\/a><\/td><td>Interd\u00e9partement <a href=\"http:\/\/usrogr.fr\/DL\/res_interdep_morsang_ens_NAT_ind_reg2_2019.pdf\" target=\"_blank\" rel=\"noreferrer noopener\">(r\u00e9sultats)<\/a><\/td><\/tr><tr><td>Jeanne BANSARD<\/td><td>11\u00e8<\/td><td>7\u00e8<\/td><\/tr><tr><td>Lya BLEURVACQ<\/td><td>18\u00e8<\/td><td>8\u00e8<\/td><\/tr><tr><td>Maelys GAUTHIER<\/td><td><img decoding=\"async\" src=\"http:\/\/usrogr.fr\/img\/2.gif\" alt=\"2\u00e8\"><\/td><td>11\u00e8<\/td><\/tr><tr><td>Shemsy LOUKAH<\/td><td><img decoding=\"async\" src=\"http:\/\/usrogr.fr\/img\/1.gif\" alt=\"1\u00e8\"><\/td><td>4\u00e8<\/td><\/tr><tr><td><strong>12-13 ans<\/strong><\/td><td>D\u00e9partement <a href=\"http:\/\/usrogr.fr\/DL\/res_indiv_12-13_morsang_2019.PDF\" target=\"_blank\" rel=\"noreferrer noopener\">(r\u00e9sultats)<\/a><\/td><td>Interd\u00e9partement <a href=\"http:\/\/usrogr.fr\/DL\/res_interdep_morsang_ens_NAT_ind_reg2_2019.pdf\" target=\"_blank\" rel=\"noreferrer noopener\">(r\u00e9sultats)<\/a><\/td><\/tr><tr><td>Liya GUIGON<\/td><td><img decoding=\"async\" src=\"http:\/\/usrogr.fr\/img\/2.gif\" alt=\"2\u00e8\"><\/td><td><img decoding=\"async\" src=\"http:\/\/usrogr.fr\/img\/3.gif\" alt=\"3\u00e8\"><\/td><\/tr><tr><td>Th\u00e9a VILLATEL<\/td><td>5\u00e8<\/td><td>5\u00e8<\/td><\/tr><tr><td>Laure WILLIAM-MEDY<\/td><td><img decoding=\"async\" src=\"http:\/\/usrogr.fr\/img\/1.gif\" alt=\"1\u00e8\"><\/td><td>6\u00e8<\/td><\/tr><tr><td><strong>14-15 ans<\/strong><\/td><td>D\u00e9partement <a href=\"http:\/\/usrogr.fr\/DL\/res_dep_19_morsang.pdf\" target=\"_blank\" rel=\"noreferrer noopener\">(r\u00e9sultats)<\/a><\/td><td>Interd\u00e9partement <a href=\"http:\/\/usrogr.fr\/DL\/res_interdep_morsang_ens_NAT_ind_reg2_2019.pdf\" target=\"_blank\" rel=\"noreferrer noopener\">(r\u00e9sultats)<\/a><\/td><\/tr><tr><td>Gwenaelle TRUONG<\/td><td>4\u00e8<\/td><td>27\u00e8<\/td><\/tr><tr><td>Fatou SOW<\/td><td><img decoding=\"async\" src=\"http:\/\/usrogr.fr\/img\/3.gif\" alt=\"3\u00e8\"><\/td><td>14\u00e8<\/td><\/tr><\/tbody><\/table><\/figure>\n\n\n\n<p><\/p>\n\n\n\n<p class=\"has-large-font-size\">Individuelles Nationales, F\u00e9d\u00e9rales et R\u00e9gionales 1 :<\/p>\n\n\n\n<p>National B :<br><br><\/p>\n\n\n\n<figure class=\"wp-block-table is-style-stripes\"><table><tbody><tr><td><strong>18 ans et +<\/strong><\/td><td>D\u00e9partement <a href=\"http:\/\/usrogr.fr\/DL\/res_dep_indiv_2018-2019.pdf\" target=\"_blank\" rel=\"noreferrer noopener\">(r\u00e9sultats)<\/a><\/td><td>Interd\u00e9partement <a href=\"http:\/\/usrogr.fr\/DL\/res_interdep_indiv_pontault_2018.pdf\" target=\"_blank\" rel=\"noreferrer noopener\">(r\u00e9sultats)<\/a><\/td><td>R\u00e9gion <a href=\"http:\/\/usrogr.fr\/DL\/res_reg_indiv_Marne_la_V_2018.pdf\" target=\"_blank\" rel=\"noreferrer noopener\">(r\u00e9sultats)<\/a><\/td><td>France<\/td><\/tr><tr><td>Olivia COIMBRA<\/td><td>11\u00e8<\/td><td>9\u00e8<\/td><td>22\u00e8<\/td><td>~<\/td><\/tr><\/tbody><\/table><\/figure>\n\n\n\n<p>National C :<br><br><\/p>\n\n\n\n<figure class=\"wp-block-table is-style-stripes\"><table><tbody><tr><td><strong>18 ans et +<\/strong><\/td><td>D\u00e9partement <a href=\"http:\/\/usrogr.fr\/DL\/res_dep_indiv_2018-2019.pdf\" target=\"_blank\" rel=\"noreferrer noopener\">(r\u00e9sultats)<\/a><\/td><td>Interd\u00e9partement <a href=\"http:\/\/usrogr.fr\/DL\/res_interdep_indiv_pontault_2018.pdf\" target=\"_blank\" rel=\"noreferrer noopener\">(r\u00e9sultats)<\/a><\/td><td>R\u00e9gion <a href=\"http:\/\/usrogr.fr\/DL\/res_reg_indiv_Marne_la_V_2018.pdf\" target=\"_blank\" rel=\"noreferrer noopener\">(r\u00e9sultats)<\/a><\/td><td>France <a href=\"http:\/\/usrogr.fr\/DL\/GR_NATIONALE_C_18_ANS_ET_PLUS_FRANCE.PDF\" target=\"_blank\" rel=\"noreferrer noopener\">(r\u00e9sultats)<\/a><\/td><\/tr><tr><td>Laura LE HECHO<\/td><td><img decoding=\"async\" src=\"http:\/\/usrogr.fr\/img\/1.gif\" alt=\"1\u00e8\"><\/td><td>5\u00e8<\/td><td><img decoding=\"async\" src=\"http:\/\/usrogr.fr\/img\/2.gif\" alt=\"2\u00e8\"><\/td><td>4\u00e8<\/td><\/tr><tr><td>Amandine RAOULT<\/td><td>12\u00e8<\/td><td>14\u00e8<\/td><td>~<\/td><td>~<\/td><\/tr><\/tbody><\/table><\/figure>\n\n\n\n<p>R\u00e9gional 1 :<br><br><\/p>\n\n\n\n<figure class=\"wp-block-table is-style-stripes\"><table><tbody><tr><td><strong>12-13 ans<\/strong><\/td><td>D\u00e9partement <a href=\"http:\/\/usrogr.fr\/DL\/res_dep_indiv_2018-2019.pdf\" target=\"_blank\" rel=\"noreferrer noopener\">(r\u00e9sultats)<\/a><\/td><td>Interd\u00e9partement <a href=\"http:\/\/usrogr.fr\/DL\/res_interdep_indiv_pontault_2018.pdf\" target=\"_blank\" rel=\"noreferrer noopener\">(r\u00e9sultats)<\/a><\/td><td>R\u00e9gion <a href=\"http:\/\/usrogr.fr\/DL\/res_reg_indiv_Marne_la_V_2018.pdf\" target=\"_blank\" rel=\"noreferrer noopener\">(r\u00e9sultats)<\/a><\/td><\/tr><tr><td>Kenza HADJ ALI<\/td><td>16\u00e8<\/td><td><img decoding=\"async\" src=\"http:\/\/usrogr.fr\/img\/1.gif\" alt=\"1\u00e8\"><\/td><td>14\u00e8<\/td><\/tr><tr><td><strong>14-15 ans<\/strong><\/td><td>D\u00e9partement <a href=\"http:\/\/usrogr.fr\/DL\/res_dep_indiv_2018-2019.pdf\" target=\"_blank\" rel=\"noreferrer noopener\">(r\u00e9sultats)<\/a><\/td><td>Interd\u00e9partemen <a href=\"http:\/\/usrogr.fr\/DL\/res_interdep_indiv_pontault_2018.pdf\" target=\"_blank\" rel=\"noreferrer noopener\">(r\u00e9sultats)<\/a>t<\/td><td>R\u00e9gion <a href=\"http:\/\/usrogr.fr\/DL\/res_reg_indiv_Marne_la_V_2018.pdf\" target=\"_blank\" rel=\"noreferrer noopener\">(r\u00e9sultats)<\/a><\/td><\/tr><tr><td>Margot BANSARD<\/td><td>10\u00e8<\/td><td><img decoding=\"async\" src=\"http:\/\/usrogr.fr\/img\/2.gif\" alt=\"2\u00e8\"><\/td><td>20\u00e8<\/td><\/tr><tr><td>Oc\u00e9ane SERTIER<\/td><td><img decoding=\"async\" src=\"http:\/\/usrogr.fr\/img\/1.gif\" alt=\"1\u00e8\"><\/td><td><img decoding=\"async\" src=\"http:\/\/usrogr.fr\/img\/1.gif\" alt=\"1\u00e8\"><\/td><td><img decoding=\"async\" src=\"http:\/\/usrogr.fr\/img\/1.gif\" alt=\"1\u00e8\"><\/td><\/tr><tr><td>L\u00e9ane SIMON<\/td><td><img decoding=\"async\" src=\"http:\/\/usrogr.fr\/img\/2.gif\" alt=\"2\u00e8\"><\/td><td>4\u00e8<\/td><td>7\u00e8<\/td><\/tr><\/tbody><\/table><\/figure>\n","protected":false},"excerpt":{"rendered":"<p>Coupe Formation : F\u00e9licitations \u00e0 Aliya CORDIGNANO, Camille DESCOUBES, Assiya ENAGRE, Elia KOMBRZA, Assil NOUMI, et A\u00efcha YAMINE qui ont valid\u00e9 leur Coupe Formation 2 et Lyhann AMOUGOU, Am\u00e9lie DESCOUBES, Ma\u00efwen LAUER et Maymouna SOW qui ont valid\u00e9 leur Coupe Formation 3 ! Ensembles niveau F\u00e9d\u00e9ral : Ensemble F\u00e9d\u00e9ral B : 8-9 ans D\u00e9partement (r\u00e9sultats) [&hellip;]<\/p>\n","protected":false},"author":1,"featured_media":0,"parent":0,"menu_order":0,"comment_status":"closed","ping_status":"closed","template":"","meta":{"footnotes":""},"class_list":["post-30828","page","type-page","status-publish","hentry"],"_links":{"self":[{"href":"https:\/\/usrogr.fr\/site\/wp-json\/wp\/v2\/pages\/30828","targetHints":{"allow":["GET"]}}],"collection":[{"href":"https:\/\/usrogr.fr\/site\/wp-json\/wp\/v2\/pages"}],"about":[{"href":"https:\/\/usrogr.fr\/site\/wp-json\/wp\/v2\/types\/page"}],"author":[{"embeddable":true,"href":"https:\/\/usrogr.fr\/site\/wp-json\/wp\/v2\/users\/1"}],"replies":[{"embeddable":true,"href":"https:\/\/usrogr.fr\/site\/wp-json\/wp\/v2\/comments?post=30828"}],"version-history":[{"count":2,"href":"https:\/\/usrogr.fr\/site\/wp-json\/wp\/v2\/pages\/30828\/revisions"}],"predecessor-version":[{"id":31501,"href":"https:\/\/usrogr.fr\/site\/wp-json\/wp\/v2\/pages\/30828\/revisions\/31501"}],"wp:attachment":[{"href":"https:\/\/usrogr.fr\/site\/wp-json\/wp\/v2\/media?parent=30828"}],"curies":[{"name":"wp","href":"https:\/\/api.w.org\/{rel}","templated":true}]}}